{"id":705,"date":"2023-05-24T16:44:45","date_gmt":"2023-05-24T14:44:45","guid":{"rendered":"https:\/\/landhaus-sonnrain.at\/action-detente\/"},"modified":"2023-11-23T07:33:12","modified_gmt":"2023-11-23T06:33:12","slug":"action-detente","status":"publish","type":"page","link":"https:\/\/landhaus-sonnrain.at\/fr\/action-detente\/","title":{"rendered":"Fendels"},"content":{"rendered":"<section class=\"wpb-content-wrapper\"><p>[vc_row full_width=\u00a0\u00bbstretch_row\u00a0\u00bb css=\u00a0\u00bb.vc_custom_1699798455715{padding-top: 20% !important;padding-bottom: 20% !important;background-image: url(https:\/\/landhaus-sonnrain.at\/wp-content\/uploads\/2023\/11\/Verpeilhuette-Kaunertal-1-scaled.jpg?id=1595) !important;background-position: center !important;background-repeat: no-repeat !important;background-size: cover !important;}\u00a0\u00bb][vc_column][\/vc_column][\/vc_row][vc_row css=\u00a0\u00bb.vc_custom_1685012427221{padding-top: 50px !important;padding-bottom: 40px !important;}\u00a0\u00bb][vc_column][vc_column_text]<span class=\"label\">points forts<\/span>[\/vc_column_text][vc_column_text]<\/p>\n<h1>\u00c0 et autour de Fendels &#8211; \u00e9t\u00e9 et hiver<\/h1>\n<p>[\/vc_column_text][vc_column_text]Bienvenue \u00e0 Fendels, un village pittoresque dans les Alpes tyroliennes et l&rsquo;une des plus petites communes d&rsquo;Autriche avec \u00e0 peine 250 habitants. D\u00e9couvre une nature intacte, des montagnes majestueuses et profite de la tranquillit\u00e9 des montagnes tyroliennes, loin des grands centres touristiques. Que ce soit en randonn\u00e9e, en VTT ou tout simplement pour profiter de la vue, Fendels offre <strong>des exp\u00e9riences inoubliables<\/strong> aux amoureux de la nature et aux aventuriers.[\/vc_column_text][vc_row_inner][vc_column_inner width=\u00a0\u00bb1\/2&Prime;][vc_column_text el_class=\u00a0\u00bbliste\u00a0\u00bb]Avec des enfants :<\/p>\n<ul>\n<li><strong><a href=\"https:\/\/www.kaunertal.com\/de\/Ihr-Kaunertal\/Orte-Sehenswuerdigkeiten\/Kaunertal-A-Z\/Naturspielplatz-Bach-am-Moos_i-3071\" target=\"_blank\" rel=\"noopener\">Aire de jeux naturelle Bach am Moos<\/a><\/strong><\/li>\n<li><strong><a href=\"https:\/\/www.kaunertaler-gletscher.at\/bergbahnen-fendels\/sommerberg-fendels.html\" target=\"_blank\" rel=\"noopener\">Montagne d&rsquo;\u00e9t\u00e9 Fendels<\/a><\/strong><\/li>\n<li><a href=\"https:\/\/www.kaunertaler-gletscher.at\/bergbahnen-fendels\/sommerberg-fendels\/wandern.html\" target=\"_blank\" rel=\"noopener\"><strong>Randonn\u00e9e jusqu&rsquo;\u00e0 l'(ancien) alpage de Fendler et<\/strong><\/a><\/li>\n<li><strong><a href=\"https:\/\/www.kaunertaler-gletscher.at\/bergbahnen-fendels\/sommerberg-fendels\/mountaincarts\" target=\"_blank\" rel=\"noopener\">Descente en mountaincarts<\/a><\/strong><\/li>\n<li><strong><a href=\"https:\/\/www.tiroler-oberland.com\/de\/Ihr-Tiroler-Oberland\/Tiroler-Oberland-von-A-Z\/Badesee-Ried_i-4057\" target=\"_blank\" rel=\"noopener\">Lac de baignade de Ried<\/a><\/strong><\/li>\n<li>Promenades autour de Fendels<\/li>\n<li>Randonn\u00e9e en alpaca<\/li>\n<\/ul>\n<p>[\/vc_column_text][\/vc_column_inner][vc_column_inner width=\u00a0\u00bb1\/2&Prime;][vc_column_text el_class=\u00a0\u00bbliste\u00a0\u00bb]Adultes :<\/p>\n<ul>\n<li><strong><a href=\"https:\/\/www.kaunertal.com\/de\/Ihr-Kaunertal\/Wandertouren\/Tourenportal\/Anton-Renk-Huette-2.261-m_t-18212\" target=\"_blank\" rel=\"noopener\">Randonn\u00e9e vers la cabane Anton Renk<\/a><\/strong><\/li>\n<li>De nombreuses promenades directement autour de Fendels<\/li>\n<li><strong><a href=\"https:\/\/www.kaunertal.com\/de\/Ihr-Kaunertal\/Wandertouren\/Tourenportal\/Aachener-Hoehenweg_t-18270\" target=\"_blank\" rel=\"noopener\">Sentier d&rsquo;altitude d&rsquo;Aix-la-Chapelle<\/a><\/strong><\/li>\n<li>Randonn\u00e9e au lac d&rsquo;\u00e9meraude pr\u00e8s de Pfunds<\/li>\n<li>Des ch\u00e2teaux forts (Laudegg, Berneck, Wiesele)<\/li>\n<li><strong><a href=\"https:\/\/www.kaunertal.com\/de\/Ihr-Kaunertal\/Orte-Sehenswuerdigkeiten\/Kaunertal-A-Z\/Wildbachtrails-Fendels_i-4770\" target=\"_blank\" rel=\"noopener\">Faire du VTT<\/a><\/strong><\/li>\n<li>Se d\u00e9tendre au <strong><a href=\"https:\/\/www.quellalpin.at\/de\/startseite\/\" target=\"_blank\" rel=\"noopener\">Quellalpin<\/a><\/strong> dans le Kaunertal<\/li>\n<\/ul>\n<p>[\/vc_column_text][\/vc_column_inner][\/vc_row_inner][\/vc_column][\/vc_row][vc_row][vc_column][vc_masonry_media_grid grid_id=\u00a0\u00bbvc_gid:1700641964572-e60ff767-659b-0&Prime; include=\u00a0\u00bb1582,1586,1590,1594,1598,1562,1450,1454,1458,1446,1442,1438&Prime;][\/vc_column][\/vc_row][vc_row full_width=\u00a0\u00bbstretch_row\u00a0\u00bb content_placement=\u00a0\u00bbmiddle\u00a0\u00bb css=\u00a0\u00bb.vc_custom_1679061584980{background-color: #e9b44c !important;}\u00a0\u00bb el_class=\u00a0\u00bbcta\u00a0\u00bb][vc_column width=\u00a0\u00bb2\/3&Prime;][vc_column_text]<\/p>\n<h2>Hiver :<\/h2>\n<ul>\n<li><strong><a href=\"https:\/\/www.kaunertaler-gletscher.at\/bergbahnen-fendels\/winterberg-fendels\/fendels-skigebiet.html\" target=\"_blank\" rel=\"noopener\">Winterberg Fendels + ski de randonn\u00e9e + faire de la luge<\/a><\/strong><\/li>\n<li><strong><a href=\"https:\/\/www.kaunertaler-gletscher.at\/kaunertal-skigebiet\" target=\"_blank\" rel=\"noopener\">Glacier du Kaunertal<\/a><\/strong><\/li>\n<li><a href=\"https:\/\/www.serfaus-fiss-ladis.at\/de\" target=\"_blank\" rel=\"noopener\"><strong>Serfaus-Fiss-Ladis<\/strong><\/a><\/li>\n<li><strong><a href=\"https:\/\/www.wildpaws.at\/\" target=\"_blank\" rel=\"noopener\">Balade en tra\u00eeneau tir\u00e9 par des huskies<\/a><\/strong><\/li>\n<\/ul>\n<p>[\/vc_column_text][\/vc_column][\/vc_row][vc_row][vc_column][vc_masonry_media_grid element_width=\u00a0\u00bb6&Prime; grid_id=\u00a0\u00bbvc_gid:1700641964573-549a43e7-c13e-9&Prime; include=\u00a0\u00bb1888,1892&Prime;][\/vc_column][\/vc_row][vc_row css=\u00a0\u00bb.vc_custom_1679057043521{padding-top: 40px !important;padding-bottom: 40px !important;}\u00a0\u00bb][vc_column][vc_raw_html]PHNjcmlwdCBzcmM9Imh0dHBzOi8vYXBwcy5lbGZzaWdodC5jb20vcC9wbGF0Zm9ybS5qcyIgZGVmZXI+PC9zY3JpcHQ+CjxkaXYgY2xhc3M9ImVsZnNpZ2h0LWFwcC02ZmNmNDIzYy0wMTllLTQ0NDctODZhYy1lNGIxMmIyMTZhYjYiPjwvZGl2Pg==[\/vc_raw_html][\/vc_column][\/vc_row]<\/p>\n<\/section>","protected":false},"excerpt":{"rendered":"<p>[vc_row full_width=\u00a0\u00bbstretch_row\u00a0\u00bb css=\u00a0\u00bb.vc_custom_1699798455715{padding-top: 20% !important;padding-bottom: 20% !important;background-image: url(https:\/\/landhaus-sonnrain.at\/wp-content\/uploads\/2023\/11\/Verpeilhuette-Kaunertal-1-scaled.jpg?id=1595) !important;background-position: center !important;background-repeat: no-repeat !important;background-size: cover !important;}\u00a0\u00bb][vc_column][\/vc_column][\/vc_row][vc_row css=\u00a0\u00bb.vc_custom_1685012427221{padding-top: 50px !important;padding-bottom: 40px !important;}\u00a0\u00bb][vc_column][vc_column_text]points forts[\/vc_column_text][vc_column_text] \u00c0 et autour de Fendels &#8211; \u00e9t\u00e9 et hiver [\/vc_column_text][vc_column_text]Bienvenue \u00e0 Fendels, un village pittoresque dans les Alpes tyroliennes et l&rsquo;une des plus petites communes d&rsquo;Autriche avec \u00e0 peine 250 habitants. D\u00e9couvre une nature [&hellip;]<\/p>\n","protected":false},"author":1,"featured_media":0,"parent":0,"menu_order":0,"comment_status":"closed","ping_status":"closed","template":"","meta":{"_uf_show_specific_survey":0,"_uf_disable_surveys":false,"footnotes":""},"class_list":["post-705","page","type-page","status-publish","hentry","wpbf-post"],"_links":{"self":[{"href":"https:\/\/landhaus-sonnrain.at\/fr\/wp-json\/wp\/v2\/pages\/705","targetHints":{"allow":["GET"]}}],"collection":[{"href":"https:\/\/landhaus-sonnrain.at\/fr\/wp-json\/wp\/v2\/pages"}],"about":[{"href":"https:\/\/landhaus-sonnrain.at\/fr\/wp-json\/wp\/v2\/types\/page"}],"author":[{"embeddable":true,"href":"https:\/\/landhaus-sonnrain.at\/fr\/wp-json\/wp\/v2\/users\/1"}],"replies":[{"embeddable":true,"href":"https:\/\/landhaus-sonnrain.at\/fr\/wp-json\/wp\/v2\/comments?post=705"}],"version-history":[{"count":8,"href":"https:\/\/landhaus-sonnrain.at\/fr\/wp-json\/wp\/v2\/pages\/705\/revisions"}],"predecessor-version":[{"id":1940,"href":"https:\/\/landhaus-sonnrain.at\/fr\/wp-json\/wp\/v2\/pages\/705\/revisions\/1940"}],"wp:attachment":[{"href":"https:\/\/landhaus-sonnrain.at\/fr\/wp-json\/wp\/v2\/media?parent=705"}],"curies":[{"name":"wp","href":"https:\/\/api.w.org\/{rel}","templated":true}]}}